{"id":425,"date":"2018-01-27T11:33:27","date_gmt":"2018-01-27T10:33:27","guid":{"rendered":"https:\/\/www.merida-yucatan.org\/yucatan-atracciones-turisticas-de-yucatan\/"},"modified":"2018-01-27T11:33:27","modified_gmt":"2018-01-27T10:33:27","slug":"yucatan-atracciones-turisticas-de-yucatan","status":"publish","type":"page","link":"https:\/\/www.merida-yucatan.org\/es\/yucatan-atracciones-turisticas-de-yucatan\/","title":{"rendered":"Yucat\u00e1n &#8211; Atracciones tur\u00edsticas de Yucat\u00e1n"},"content":{"rendered":"<p>En las p\u00e1ginas de <a href=\"https:\/\/www.merida-yucatan.org\">www.merida-yucatan.org<\/a> encontrar\u00e1 informaci\u00f3n de viaje y fotos de la Pen\u00ednsula de Yucat\u00e1n en M\u00e9xico. Todas las atracciones tur\u00edsticas, informaci\u00f3n sobre ciudades y pueblos, playas, cenotes y consejos \u00fatiles para explorar M\u00e9xico. Gu\u00eda de los sitios arqueol\u00f3gicos y el mundo de los mayas.<\/p>\n<div class=\"one-third first\">\n<h2>Atracciones tur\u00edsticas de Yucat\u00e1n<\/h2>\n<figure id=\"attachment_198\" aria-describedby=\"caption-attachment-198\" style=\"width: 810px\" class=\"wp-caption alignnone\"><a href=\"https:\/\/www.merida-yucatan.org\/highlights-von-yucatan\/\"><img loading=\"lazy\" decoding=\"async\" class=\"wp-image-198 size-medium\" src=\"https:\/\/www.merida-yucatan.org\/fotos\/\/Tulum-Playa-810x540.jpg\" alt=\"Die Pyramiden von Tulum an der Karibik z\u00e4hlen zu den Highlights von Yucat\u00e1n\" width=\"810\" height=\"540\" srcset=\"https:\/\/www.merida-yucatan.org\/fotos\/Tulum-Playa-810x540.jpg 810w, https:\/\/www.merida-yucatan.org\/fotos\/Tulum-Playa-390x260.jpg 390w, https:\/\/www.merida-yucatan.org\/fotos\/Tulum-Playa-768x512.jpg 768w, https:\/\/www.merida-yucatan.org\/fotos\/Tulum-Playa.jpg 1920w, https:\/\/www.merida-yucatan.org\/fotos\/Tulum-Playa-600x400.jpg 600w\" sizes=\"auto, (max-width: 810px) 100vw, 810px\" \/><\/a><figcaption id=\"caption-attachment-198\" class=\"wp-caption-text\">Die Pyramiden von Tulum an der Karibik z\u00e4hlen zu den Highlights von Yucat\u00e1n<\/figcaption><\/figure>\n<p>Alle <a href=\"https:\/\/www.merida-yucatan.org\/highlights-von-yucatan\/\">Sehensw\u00fcrdigkeiten<\/a> von der Yucat\u00e1n Halbinsel<\/p>\n<ul>\n<li><a href=\"https:\/\/www.merida-yucatan.org\/die-schoensten-straende-der-yucatan-halbinsel\/\">Die sch\u00f6nsten Str\u00e4nde der Yucat\u00e1n Halbinsel<\/a><\/li>\n<\/ul>\n<\/div>\n<div class=\"one-third\">\n<h2>M\u00e9rida &#8211; Die wei\u00dfe Stadt<\/h2>\n<figure id=\"attachment_124\" aria-describedby=\"caption-attachment-124\" style=\"width: 810px\" class=\"wp-caption alignnone\"><a href=\"https:\/\/www.merida-yucatan.org\/merida\/\"><img loading=\"lazy\" decoding=\"async\" class=\"size-medium wp-image-124\" src=\"https:\/\/www.merida-yucatan.org\/fotos\/\/Kathedrale-Merida-810x538.jpg\" alt=\"Die Katedrale im Zentrum von M\u00e9rida\" width=\"810\" height=\"538\" srcset=\"https:\/\/www.merida-yucatan.org\/fotos\/Kathedrale-Merida-810x538.jpg 810w, https:\/\/www.merida-yucatan.org\/fotos\/Kathedrale-Merida-390x259.jpg 390w, https:\/\/www.merida-yucatan.org\/fotos\/Kathedrale-Merida-768x510.jpg 768w, https:\/\/www.merida-yucatan.org\/fotos\/Kathedrale-Merida.jpg 1920w, https:\/\/www.merida-yucatan.org\/fotos\/Kathedrale-Merida-600x400.jpg 600w\" sizes=\"auto, (max-width: 810px) 100vw, 810px\" \/><\/a><figcaption id=\"caption-attachment-124\" class=\"wp-caption-text\">Die Katedrale im Zentrum von M\u00e9rida<\/figcaption><\/figure>\n<p>Die Kolonialstadt <a href=\"https:\/\/www.merida-yucatan.org\/merida\/\"><strong>M\u00e9rida<\/strong> <\/a>gilt als Tor zur Welt der Maya. Alle Sehensw\u00fcrdigkeiten in und um M\u00e9rida.<\/p>\n<ul>\n<li><a href=\"https:\/\/www.merida-yucatan.org\/sehenswuerdigkeiten-von-merida\/\">Sehensw\u00fcrdigkeiten M\u00e9rida<\/a><\/li>\n<\/ul>\n<\/div>\n<div class=\"one-third\">\n<h2>Cenoten von Yucat\u00e1n<\/h2>\n<figure id=\"attachment_396\" aria-describedby=\"caption-attachment-396\" style=\"width: 810px\" class=\"wp-caption alignnone\"><a href=\"https:\/\/www.merida-yucatan.org\/cenoten-in-yucatan\/\"><img loading=\"lazy\" decoding=\"async\" class=\"wp-image-396 size-medium\" src=\"https:\/\/www.merida-yucatan.org\/fotos\/\/Cenote-Mucuyche-Yaal-Utzil-810x540.jpg\" alt=\"Cenoten von Yucat\u00e1n\" width=\"810\" height=\"540\" srcset=\"https:\/\/www.merida-yucatan.org\/fotos\/Cenote-Mucuyche-Yaal-Utzil-810x540.jpg 810w, https:\/\/www.merida-yucatan.org\/fotos\/Cenote-Mucuyche-Yaal-Utzil-390x260.jpg 390w, https:\/\/www.merida-yucatan.org\/fotos\/Cenote-Mucuyche-Yaal-Utzil-768x512.jpg 768w, https:\/\/www.merida-yucatan.org\/fotos\/Cenote-Mucuyche-Yaal-Utzil.jpg 1920w, https:\/\/www.merida-yucatan.org\/fotos\/Cenote-Mucuyche-Yaal-Utzil-600x400.jpg 600w\" sizes=\"auto, (max-width: 810px) 100vw, 810px\" \/><\/a><figcaption id=\"caption-attachment-396\" class=\"wp-caption-text\">Cenoten von Yucat\u00e1n<\/figcaption><\/figure>\n<p>Auf der Yucat\u00e1n Halbinsel gibt es mehr als tausend <a href=\"https:\/\/www.merida-yucatan.org\/cenoten-in-yucatan\/\">Cenoten<\/a>.<\/p>\n<ul>\n<li><a href=\"https:\/\/www.merida-yucatan.org\/cenoten-in-yucatan\/\">Alle Cenoten<\/a><\/li>\n<\/ul>\n<\/div>\n<div class=\"one-third first\">\n<h2>Welt der Maya<\/h2>\n<figure id=\"attachment_184\" aria-describedby=\"caption-attachment-184\" style=\"width: 810px\" class=\"wp-caption alignnone\"><a href=\"https:\/\/www.merida-yucatan.org\/fotos\/\/Dzibilchaltun.jpg\" data-lbwps-width=\"1920\" data-lbwps-height=\"1275\" data-lbwps-srcsmall=\"https:\/\/www.merida-yucatan.org\/fotos\/Dzibilchaltun-390x259.jpg\"><img loading=\"lazy\" decoding=\"async\" class=\"wp-image-184 size-medium\" src=\"https:\/\/www.merida-yucatan.org\/fotos\/\/Dzibilchaltun-810x538.jpg\" alt=\"Arch\u00e4ologische St\u00e4tte Dzibilchalt\u00fan bei M\u00e9rida\" width=\"810\" height=\"538\" srcset=\"https:\/\/www.merida-yucatan.org\/fotos\/Dzibilchaltun-810x538.jpg 810w, https:\/\/www.merida-yucatan.org\/fotos\/Dzibilchaltun-390x259.jpg 390w, https:\/\/www.merida-yucatan.org\/fotos\/Dzibilchaltun-768x510.jpg 768w, https:\/\/www.merida-yucatan.org\/fotos\/Dzibilchaltun.jpg 1920w, https:\/\/www.merida-yucatan.org\/fotos\/Dzibilchaltun-600x400.jpg 600w\" sizes=\"auto, (max-width: 810px) 100vw, 810px\" \/><\/a><figcaption id=\"caption-attachment-184\" class=\"wp-caption-text\">Arch\u00e4ologische St\u00e4tte Dzibilchalt\u00fan bei M\u00e9rida<\/figcaption><\/figure>\n<p>Auf der Yucatanhalbinsel gibt \u00fcber hundert arch\u00e4ologische St\u00e4tten der Maya.<\/p>\n<p><a href=\"https:\/\/www.merida-yucatan.org\/sehenswerte-maya-ruinen-von-yucatan\/\">Sehenswerte Maya Ruinen von Yucat\u00e1n<\/a><\/p>\n<\/div>\n<div class=\"one-third\">\n<h2>Essen und Trinken<\/h2>\n<figure id=\"attachment_278\" aria-describedby=\"caption-attachment-278\" style=\"width: 810px\" class=\"wp-caption alignnone\"><a href=\"https:\/\/www.merida-yucatan.org\/fotos\/\/Zapote-chico.jpg\" data-lbwps-width=\"1920\" data-lbwps-height=\"1275\" data-lbwps-srcsmall=\"https:\/\/www.merida-yucatan.org\/fotos\/Zapote-chico-390x259.jpg\"><img loading=\"lazy\" decoding=\"async\" class=\"wp-image-278 size-medium\" src=\"https:\/\/www.merida-yucatan.org\/fotos\/\/Zapote-chico-810x538.jpg\" alt=\"Zapote - Die s\u00fc\u00dfe Frucht des Kaugummibaumes\" width=\"810\" height=\"538\" srcset=\"https:\/\/www.merida-yucatan.org\/fotos\/Zapote-chico-810x538.jpg 810w, https:\/\/www.merida-yucatan.org\/fotos\/Zapote-chico-390x259.jpg 390w, https:\/\/www.merida-yucatan.org\/fotos\/Zapote-chico-768x510.jpg 768w, https:\/\/www.merida-yucatan.org\/fotos\/Zapote-chico.jpg 1920w, https:\/\/www.merida-yucatan.org\/fotos\/Zapote-chico-600x400.jpg 600w\" sizes=\"auto, (max-width: 810px) 100vw, 810px\" \/><\/a><figcaption id=\"caption-attachment-278\" class=\"wp-caption-text\">Zapote &#8211; Die s\u00fc\u00dfe Frucht des Kaugummibaumes<\/figcaption><\/figure>\n<p>Im S\u00fcden von Mexiko gibt es eine Vielzahl an leckeren und tropischen Fr\u00fcchten.<\/p>\n<ul>\n<li><a href=\"https:\/\/www.merida-yucatan.org\/sehenswuerdigkeiten-von-merida\/\">Sehensw\u00fcrdigkeiten M\u00e9rida<\/a><\/li>\n<\/ul>\n<\/div>\n<div class=\"one-third\">\n<h2>Der Markt von M\u00e9rida<\/h2>\n<figure id=\"attachment_46\" aria-describedby=\"caption-attachment-46\" style=\"width: 810px\" class=\"wp-caption alignnone\"><a href=\"https:\/\/www.merida-yucatan.org\/fotos\/\/Mercado-Merida.jpg\" data-lbwps-width=\"1920\" data-lbwps-height=\"1275\" data-lbwps-srcsmall=\"https:\/\/www.merida-yucatan.org\/fotos\/Mercado-Merida-390x259.jpg\"><img loading=\"lazy\" decoding=\"async\" class=\"wp-image-46 size-medium\" src=\"https:\/\/www.merida-yucatan.org\/fotos\/\/Mercado-Merida-810x538.jpg\" alt=\"Mercado M\u00e9rida\" width=\"810\" height=\"538\" srcset=\"https:\/\/www.merida-yucatan.org\/fotos\/Mercado-Merida-810x538.jpg 810w, https:\/\/www.merida-yucatan.org\/fotos\/Mercado-Merida-390x259.jpg 390w, https:\/\/www.merida-yucatan.org\/fotos\/Mercado-Merida-768x510.jpg 768w, https:\/\/www.merida-yucatan.org\/fotos\/Mercado-Merida.jpg 1920w, https:\/\/www.merida-yucatan.org\/fotos\/Mercado-Merida-600x400.jpg 600w\" sizes=\"auto, (max-width: 810px) 100vw, 810px\" \/><\/a><figcaption id=\"caption-attachment-46\" class=\"wp-caption-text\">Mercado M\u00e9rida<\/figcaption><\/figure>\n<p>Die Kolonialstadt <strong>M\u00e9rida<\/strong> gilt als Tor zur Welt der Maya. Alle Sehensw\u00fcrdigkeiten in und um M\u00e9rida.<\/p>\n<ul>\n<li><a href=\"https:\/\/www.merida-yucatan.org\/sehenswuerdigkeiten-von-merida\/\">Sehensw\u00fcrdigkeiten M\u00e9rida<\/a><\/li>\n<\/ul>\n<\/div>\n<h2 style=\"clear: both;\">Weitere Reiseinformationen zu Mexiko und Yucat\u00e1n:<\/h2>\n<figure id=\"attachment_115\" aria-describedby=\"caption-attachment-115\" style=\"width: 810px\" class=\"wp-caption alignnone\"><a href=\"https:\/\/www.merida-yucatan.org\/fotos\/\/Mercado-Merida-2.jpg\" data-lbwps-width=\"1920\" data-lbwps-height=\"1275\" data-lbwps-srcsmall=\"https:\/\/www.merida-yucatan.org\/fotos\/Mercado-Merida-2-390x259.jpg\"><img loading=\"lazy\" decoding=\"async\" class=\"wp-image-115 size-medium\" src=\"https:\/\/www.merida-yucatan.org\/fotos\/\/Mercado-Merida-2-810x538.jpg\" alt=\"Mercado de M\u00e9rida\" width=\"810\" height=\"538\" srcset=\"https:\/\/www.merida-yucatan.org\/fotos\/Mercado-Merida-2-810x538.jpg 810w, https:\/\/www.merida-yucatan.org\/fotos\/Mercado-Merida-2-390x259.jpg 390w, https:\/\/www.merida-yucatan.org\/fotos\/Mercado-Merida-2-768x510.jpg 768w, https:\/\/www.merida-yucatan.org\/fotos\/Mercado-Merida-2.jpg 1920w, https:\/\/www.merida-yucatan.org\/fotos\/Mercado-Merida-2-600x400.jpg 600w\" sizes=\"auto, (max-width: 810px) 100vw, 810px\" \/><\/a><figcaption id=\"caption-attachment-115\" class=\"wp-caption-text\">Mercado de M\u00e9rida<\/figcaption><\/figure>\n<h3>Interessante Reisebeitr\u00e4ge f\u00fcr Yucat\u00e1n:<\/h3>\n<div class=\"pt-cv-wrapper\"><div class=\"pt-cv-view pt-cv-scrollable pt-cv-colsys pt-cv-content-hover pt-cv-clickable pt-cv-nohover pt-cv-force-mask pt-cv-overlay-bottom pt-cv-center\" id=\"pt-cv-view-425a5d5wth\"><div data-id=\"pt-cv-page-1\" class=\"pt-cv-page\" data-cvc=\"3\"><div id=\"07ae499rb5\" class=\"pt-cv-carousel pt-cv-slide\" data-ride=\"cvcarousel\" data-interval=4000>\n<div class=\"carousel-inner\"><div class=\"item active\"><div class=\"row\"><div class=\"col-md-4 col-sm-6 col-xs-12 pt-cv-content-item pt-cv-1-col\"  data-pid=\"432\"><a href=\"https:\/\/www.merida-yucatan.org\/es\/ruinas-mayas-en-campeche\/\" class=\"_self pt-cv-href-thumbnail pt-cv-thumb-default cvplbd\" target=\"_self\" ><img decoding=\"async\" style=\"\" src=\"https:\/\/www.merida-yucatan.org\/wp-content\/plugins\/pt-content-views-pro\/public\/assets\/images\/default_image.png\" class=\"pt-cv-thumbnail img-rounded not-found\" alt=\"Ruinas mayas en Campeche\" \/><\/a>\n<div class=\"pt-cv-carousel-caption pt-cv-cap-w-img\"><h4 class=\"pt-cv-title\"><a href=\"https:\/\/www.merida-yucatan.org\/es\/ruinas-mayas-en-campeche\/\" class=\"_self cvplbd\" target=\"_self\" >Ruinas mayas en Campeche<\/a><\/h4><\/div><\/div>\n<div class=\"col-md-4 col-sm-6 col-xs-12 pt-cv-content-item pt-cv-1-col\"  data-pid=\"434\"><a href=\"https:\/\/www.merida-yucatan.org\/es\/acanceh-piramide-maya-en-medio-del-pueblo\/\" class=\"_self pt-cv-href-thumbnail pt-cv-thumb-default cvplbd\" target=\"_self\" ><img loading=\"lazy\" decoding=\"async\" width=\"390\" height=\"259\" src=\"https:\/\/www.merida-yucatan.org\/fotos\/Acanceh-390x259.jpg\" class=\"pt-cv-thumbnail img-rounded\" alt=\"Acanceh - Pir\u00e1mide Maya en medio del pueblo\" srcset=\"https:\/\/www.merida-yucatan.org\/fotos\/Acanceh-390x259.jpg 390w, https:\/\/www.merida-yucatan.org\/fotos\/Acanceh-810x538.jpg 810w, https:\/\/www.merida-yucatan.org\/fotos\/Acanceh-768x510.jpg 768w, https:\/\/www.merida-yucatan.org\/fotos\/Acanceh.jpg 1920w, https:\/\/www.merida-yucatan.org\/fotos\/Acanceh-600x400.jpg 600w\" sizes=\"auto, (max-width: 390px) 100vw, 390px\" \/><\/a>\n<div class=\"pt-cv-carousel-caption pt-cv-cap-w-img\"><h4 class=\"pt-cv-title\"><a href=\"https:\/\/www.merida-yucatan.org\/es\/acanceh-piramide-maya-en-medio-del-pueblo\/\" class=\"_self cvplbd\" target=\"_self\" >Acanceh &#8211; Pir\u00e1mide Maya en medio del pueblo<\/a><\/h4><\/div><\/div><\/div><\/div><\/div>\n<\/div><\/div><\/div><\/div>\t\t\t<style type=\"text\/css\" id=\"pt-cv-inline-style-4aa1ef82bo\">#pt-cv-view-425a5d5wth .pt-cv-title a, #pt-cv-view-425a5d5wth  .panel-title { font-size: 14px !important; line-height: 1.3 !important; }\n#pt-cv-view-425a5d5wth  .pt-cv-hover-wrapper::before   { background-color: rgba(0,0,0,0.22) !important; }\n#pt-cv-view-425a5d5wth  .pt-cv-content-item:hover .pt-cv-hover-wrapper::before   { background-color: rgba(51,51,51,.6) !important; }\n#pt-cv-view-425a5d5wth:not(.pt-cv-nohover) .pt-cv-mask *   { color: #fff; }\n#pt-cv-view-425a5d5wth .pt-cv-carousel-caption  { background-color: rgba(51,51,51,0.21) !important; }\n#pt-cv-view-425a5d5wth .pt-cv-specialp { background-color: rgba(255,255,255,0.21) !important }\n#pt-cv-view-425a5d5wth .pt-cv-specialp * { font-size: 13px !important; line-height: 1.3 !important; color: #000000 !important; }\n#pt-cv-view-425a5d5wth .pt-cv-readmore  { color: #ffffff !important; background-color: #00aeef !important; }\n#pt-cv-view-425a5d5wth .pt-cv-readmore:hover  { color: #ffffff !important; background-color: #00aeef !important; }\n#pt-cv-view-425a5d5wth .img-rounded, #pt-cv-view-425a5d5wth .pt-cv-hover-wrapper { -webkit-border-radius: 4px !important; -moz-border-radius: 4px !important; border-radius: 4px !important; }\n#pt-cv-view-425a5d5wth .pt-cv-cap-w-img { border-bottom-left-radius: 4px !important; border-bottom-right-radius: 4px !important; }\n#pt-cv-view-425a5d5wth { text-align: center; }<\/style>\r\n\t\t\t\n<p>&nbsp;<\/p>\n","protected":false},"excerpt":{"rendered":"<p>En las p\u00e1ginas de www.merida-yucatan.org encontrar\u00e1 informaci\u00f3n de viaje y fotos de la Pen\u00ednsula de Yucat\u00e1n en M\u00e9xico. Todas las atracciones tur\u00edsticas, informaci\u00f3n sobre ciudades y pueblos, playas, cenotes y consejos \u00fatiles para explorar M\u00e9xico. Gu\u00eda de los sitios arqueol\u00f3gicos y el mundo de los mayas. Atracciones tur\u00edsticas de Yucat\u00e1n Alle Sehensw\u00fcrdigkeiten von der Yucat\u00e1n [&hellip;]<\/p>\n","protected":false},"author":2,"featured_media":200,"parent":0,"menu_order":0,"comment_status":"closed","ping_status":"closed","template":"","meta":{"_genesis_hide_title":false,"_genesis_hide_breadcrumbs":false,"_genesis_hide_singular_image":false,"_genesis_hide_footer_widgets":false,"_genesis_custom_body_class":"","_genesis_custom_post_class":"","_genesis_layout":"","yasr_overall_rating":0,"yasr_post_is_review":"","yasr_auto_insert_disabled":"","yasr_review_type":"","footnotes":""},"class_list":{"0":"post-425","1":"page","2":"type-page","3":"status-publish","4":"has-post-thumbnail","6":"entry"},"yasr_visitor_votes":{"stars_attributes":{"read_only":false,"span_bottom":false},"number_of_votes":0,"sum_votes":0},"featured_image_src":"https:\/\/www.merida-yucatan.org\/fotos\/Tulum-Playa.jpg","featured_image_src_square":"https:\/\/www.merida-yucatan.org\/fotos\/Tulum-Playa.jpg","_links":{"self":[{"href":"https:\/\/www.merida-yucatan.org\/es\/wp-json\/wp\/v2\/pages\/425","targetHints":{"allow":["GET"]}}],"collection":[{"href":"https:\/\/www.merida-yucatan.org\/es\/wp-json\/wp\/v2\/pages"}],"about":[{"href":"https:\/\/www.merida-yucatan.org\/es\/wp-json\/wp\/v2\/types\/page"}],"author":[{"embeddable":true,"href":"https:\/\/www.merida-yucatan.org\/es\/wp-json\/wp\/v2\/users\/2"}],"replies":[{"embeddable":true,"href":"https:\/\/www.merida-yucatan.org\/es\/wp-json\/wp\/v2\/comments?post=425"}],"version-history":[{"count":0,"href":"https:\/\/www.merida-yucatan.org\/es\/wp-json\/wp\/v2\/pages\/425\/revisions"}],"wp:featuredmedia":[{"embeddable":true,"href":"https:\/\/www.merida-yucatan.org\/es\/wp-json\/wp\/v2\/media\/200"}],"wp:attachment":[{"href":"https:\/\/www.merida-yucatan.org\/es\/wp-json\/wp\/v2\/media?parent=425"}],"curies":[{"name":"wp","href":"https:\/\/api.w.org\/{rel}","templated":true}]}}